{"id":6683,"date":"2025-05-08T12:09:51","date_gmt":"2025-05-08T15:09:51","guid":{"rendered":"https:\/\/lefashionmodas.com.br\/?post_type=product&#038;p=6683"},"modified":"2025-05-08T12:25:48","modified_gmt":"2025-05-08T15:25:48","slug":"vestido-ayla-marinho","status":"publish","type":"product","link":"https:\/\/lefashionmodas.com.br\/pt_br\/produto\/vestido-ayla-marinho\/","title":{"rendered":"Vestido Ayla Em Moletinho Soft Comfort"},"content":{"rendered":"\t\t<div data-elementor-type=\"product-post\" data-elementor-id=\"6683\" class=\"elementor elementor-6683\" data-elementor-post-type=\"product\">\n\t\t\t\t\t\t<section class=\"elementor-section elementor-top-section elementor-element elementor-element-22bfdc82 elementor-section-boxed elementor-section-height-default elementor-section-height-default\" data-id=\"22bfdc82\" data-element_type=\"section\" data-e-type=\"section\">\n\t\t\t\t\t\t<div class=\"elementor-container elementor-column-gap-default\">\n\t\t\t\t\t<div class=\"elementor-column elementor-col-100 elementor-top-column elementor-element elementor-element-75b9792b\" data-id=\"75b9792b\" data-element_type=\"column\" data-e-type=\"column\">\n\t\t\t<div class=\"elementor-widget-wrap elementor-element-populated\">\n\t\t\t\t\t\t<div class=\"elementor-element elementor-element-d11853d elementor-icon-list--layout-traditional elementor-list-item-link-full_width elementor-widget elementor-widget-icon-list\" data-id=\"d11853d\" data-element_type=\"widget\" data-e-type=\"widget\" data-widget_type=\"icon-list.default\">\n\t\t\t\t<div class=\"elementor-widget-container\">\n\t\t\t\t\t\t\t<ul class=\"elementor-icon-list-items\">\n\t\t\t\t\t\t\t<li class=\"elementor-icon-list-item\">\n\t\t\t\t\t\t\t\t\t\t\t<a href=\"#elementor-action%3Aaction%3Dpopup%3Aopen%26settings%3DeyJpZCI6IjQ1MzgiLCJ0b2dnbGUiOmZhbHNlfQ%3D%3D\">\n\n\t\t\t\t\t\t\t\t\t\t\t\t<span class=\"elementor-icon-list-icon\">\n\t\t\t\t\t\t\t<i aria-hidden=\"true\" class=\"fas fa-ruler\"><\/i>\t\t\t\t\t\t<\/span>\n\t\t\t\t\t\t\t\t\t\t<span class=\"elementor-icon-list-text\">Tabela de Medidas<\/span>\n\t\t\t\t\t\t\t\t\t\t\t<\/a>\n\t\t\t\t\t\t\t\t\t<\/li>\n\t\t\t\t\t\t<\/ul>\n\t\t\t\t\t\t<\/div>\n\t\t\t\t<\/div>\n\t\t\t\t<div class=\"elementor-element elementor-element-c067f72 elementor-widget elementor-widget-text-editor\" data-id=\"c067f72\" data-element_type=\"widget\" data-e-type=\"widget\" data-widget_type=\"text-editor.default\">\n\t\t\t\t<div class=\"elementor-widget-container\">\n\t\t\t\t\t\t\t\t\t<p>Vestido Ayla \u2013 Conforto, Estilo e Sofistica\u00e7\u00e3o em Cada Detalhe<\/p><p>Descubra o equil\u00edbrio perfeito entre eleg\u00e2ncia e conforto com o <strong>Vestido Ayla<\/strong>, uma pe\u00e7a vers\u00e1til e sofisticada para compor looks incr\u00edveis em qualquer ocasi\u00e3o.<\/p><p>\u2714 <strong>Toque Suave e Aconchegante:<\/strong> Feito em moletinho soft comfort, oferece uma sensa\u00e7\u00e3o agrad\u00e1vel na pele, proporcionando leveza e bem-estar ao vestir.<br \/>\u2714 <strong>Design Funcional e Charmoso:<\/strong> Com bolsos discretos e ajustes na cintura, valoriza a silhueta de forma impec\u00e1vel, garantindo um caimento perfeito.<br \/>\u2714 <strong>Detalhes Exclusivos:<\/strong> O toque especial fica por conta dos detalhes em ilh\u00f3s, que adicionam um toque moderno e refinado ao visual.<br \/>\u2714 <strong>Forrado para Maior Conforto:<\/strong> Acabamento interno pensado para proporcionar ainda mais seguran\u00e7a e comodidade ao vestir.<\/p><p><strong>Dispon\u00edvel nas cores cl\u00e1ssicas:<\/strong><\/p><ul><li>Preto \u2013 P, M, G<\/li><li>Marinho \u2013 P, M, G<\/li><\/ul><p>Garanta o seu e experimente o poder de um vestido que une sofistica\u00e7\u00e3o, praticidade e conforto em cada detalhe.<\/p><p><!--EndFragment --><\/p>\t\t\t\t\t\t\t\t<\/div>\n\t\t\t\t<\/div>\n\t\t\t\t\t<\/div>\n\t\t<\/div>\n\t\t\t\t\t<\/div>\n\t\t<\/section>\n\t\t\t\t<\/div>\n\t\t","protected":false},"excerpt":{"rendered":"<p>Descubra o equil\u00edbrio perfeito entre eleg\u00e2ncia e conforto com o\u00a0<strong>Vestido<\/strong>\u00a0Ayla, uma pe\u00e7a vers\u00e1til e sofisticada para compor looks incr\u00edveis em qualquer ocasi\u00e3o.<\/p>\n","protected":false},"featured_media":6684,"comment_status":"open","ping_status":"closed","template":"","meta":{"site-sidebar-layout":"default","site-content-layout":"","ast-site-content-layout":"default","site-content-style":"default","site-sidebar-style":"default","ast-global-header-display":"","ast-banner-title-visibility":"","ast-main-header-display":"","ast-hfb-above-header-display":"","ast-hfb-below-header-display":"","ast-hfb-mobile-header-display":"","site-post-title":"","ast-breadcrumbs-content":"","ast-featured-img":"","footer-sml-layout":"","ast-disable-related-posts":"","theme-transparent-header-meta":"default","adv-header-id-meta":"","stick-header-meta":"","header-above-stick-meta":"","header-main-stick-meta":"","header-below-stick-meta":"","astra-migrate-meta-layouts":"set","ast-page-background-enabled":"default","ast-page-background-meta":{"desktop":{"background-color":"","background-image":"","background-repeat":"repeat","background-position":"center center","background-size":"auto","background-attachment":"scroll","background-type":"","background-media":"","overlay-type":"","overlay-color":"","overlay-opacity":"","overlay-gradient":""},"tablet":{"background-color":"","background-image":"","background-repeat":"repeat","background-position":"center center","background-size":"auto","background-attachment":"scroll","background-type":"","background-media":"","overlay-type":"","overlay-color":"","overlay-opacity":"","overlay-gradient":""},"mobile":{"background-color":"","background-image":"","background-repeat":"repeat","background-position":"center center","background-size":"auto","background-attachment":"scroll","background-type":"","background-media":"","overlay-type":"","overlay-color":"","overlay-opacity":"","overlay-gradient":""}},"ast-content-background-meta":{"desktop":{"background-color":"var(--ast-global-color-5)","background-image":"","background-repeat":"repeat","background-position":"center center","background-size":"auto","background-attachment":"scroll","background-type":"","background-media":"","overlay-type":"","overlay-color":"","overlay-opacity":"","overlay-gradient":""},"tablet":{"background-color":"var(--ast-global-color-5)","background-image":"","background-repeat":"repeat","background-position":"center center","background-size":"auto","background-attachment":"scroll","background-type":"","background-media":"","overlay-type":"","overlay-color":"","overlay-opacity":"","overlay-gradient":""},"mobile":{"background-color":"var(--ast-global-color-5)","background-image":"","background-repeat":"repeat","background-position":"center center","background-size":"auto","background-attachment":"scroll","background-type":"","background-media":"","overlay-type":"","overlay-color":"","overlay-opacity":"","overlay-gradient":""}}},"product_brand":[],"product_cat":[19],"product_tag":[158],"class_list":{"0":"post-6683","1":"product","2":"type-product","3":"status-publish","4":"has-post-thumbnail","6":"product_cat-vestidos","7":"product_tag-vestido-feminina","8":"pa_cor-marinho","9":"pa_cor-preto","10":"pa_tamanho-g","11":"pa_tamanho-m","12":"pa_tamanho-p","13":"desktop-align-center","14":"tablet-align-left","15":"mobile-align-center","17":"first","18":"instock","19":"taxable","20":"shipping-taxable","21":"purchasable","22":"product-type-variable"},"aioseo_notices":[],"_links":{"self":[{"href":"https:\/\/lefashionmodas.com.br\/pt_br\/wp-json\/wp\/v2\/product\/6683","targetHints":{"allow":["GET"]}}],"collection":[{"href":"https:\/\/lefashionmodas.com.br\/pt_br\/wp-json\/wp\/v2\/product"}],"about":[{"href":"https:\/\/lefashionmodas.com.br\/pt_br\/wp-json\/wp\/v2\/types\/product"}],"replies":[{"embeddable":true,"href":"https:\/\/lefashionmodas.com.br\/pt_br\/wp-json\/wp\/v2\/comments?post=6683"}],"version-history":[{"count":0,"href":"https:\/\/lefashionmodas.com.br\/pt_br\/wp-json\/wp\/v2\/product\/6683\/revisions"}],"wp:featuredmedia":[{"embeddable":true,"href":"https:\/\/lefashionmodas.com.br\/pt_br\/wp-json\/wp\/v2\/media\/6684"}],"wp:attachment":[{"href":"https:\/\/lefashionmodas.com.br\/pt_br\/wp-json\/wp\/v2\/media?parent=6683"}],"wp:term":[{"taxonomy":"product_brand","embeddable":true,"href":"https:\/\/lefashionmodas.com.br\/pt_br\/wp-json\/wp\/v2\/product_brand?post=6683"},{"taxonomy":"product_cat","embeddable":true,"href":"https:\/\/lefashionmodas.com.br\/pt_br\/wp-json\/wp\/v2\/product_cat?post=6683"},{"taxonomy":"product_tag","embeddable":true,"href":"https:\/\/lefashionmodas.com.br\/pt_br\/wp-json\/wp\/v2\/product_tag?post=6683"}],"curies":[{"name":"wp","href":"https:\/\/api.w.org\/{rel}","templated":true}]}}